{"id":855,"date":"2017-02-24T13:28:36","date_gmt":"2017-02-24T12:28:36","guid":{"rendered":"http:\/\/barcoco.demo.elbalink.it\/?page_id=855\/"},"modified":"2025-07-19T15:41:52","modified_gmt":"2025-07-19T13:41:52","slug":"preise-residence-al-barcoco-elba","status":"publish","type":"page","link":"https:\/\/www.elbaresidencealbarcoco.it\/de\/preise-residence-al-barcoco-elba\/","title":{"rendered":"Preise"},"content":{"rendered":"<p><div class=\"fusion-fullwidth fullwidth-box fusion-builder-row-1 fusion-flex-container has-pattern-background has-mask-background nonhundred-percent-fullwidth non-hundred-percent-height-scrolling\" style=\"--awb-border-radius-top-left:0px;--awb-border-radius-top-right:0px;--awb-border-radius-bottom-right:0px;--awb-border-radius-bottom-left:0px;\" ><div class=\"fusion-builder-row fusion-row fusion-flex-align-items-flex-start\" style=\"max-width:1996.8px;margin-left: calc(-4% \/ 2 );margin-right: calc(-4% \/ 2 );\"><\/div><\/div><div class=\"fusion-fullwidth fullwidth-box fusion-builder-row-2 nonhundred-percent-fullwidth non-hundred-percent-height-scrolling\" style=\"--awb-border-radius-top-left:0px;--awb-border-radius-top-right:0px;--awb-border-radius-bottom-right:0px;--awb-border-radius-bottom-left:0px;--awb-padding-top:25px;--awb-padding-right:0px;--awb-padding-bottom:0px;--awb-padding-left:0px;--awb-margin-bottom:0px;\" ><div class=\"fusion-builder-row fusion-row\"><div class=\"fusion-layout-column fusion_builder_column fusion-builder-column-0 fusion_builder_column_1_1 1_1 fusion-one-full fusion-column-first fusion-column-last\" style=\"--awb-bg-size:cover;--awb-margin-bottom:185.991px;\"><div class=\"fusion-column-wrapper fusion-column-has-shadow fusion-flex-column-wrapper-legacy\"><div class=\"fusion-clearfix\"><\/div><\/div><\/div><div class=\"fusion-layout-column fusion_builder_column fusion-builder-column-1 fusion_builder_column_1_1 1_1 fusion-one-full fusion-column-first fusion-column-last\" style=\"--awb-bg-blend:overlay;--awb-bg-size:cover;\"><div class=\"fusion-column-wrapper fusion-flex-column-wrapper-legacy\"><div class=\"fusion-title title fusion-title-1 fusion-title-center fusion-title-text fusion-title-size-one\" style=\"--awb-text-color:rgba(51,51,51,0.76);--awb-margin-top:10px;--awb-margin-bottom:10px;\"><div class=\"title-sep-container title-sep-container-left\"><div class=\"title-sep sep-double sep-solid\" style=\"border-color:#e0dede;\"><\/div><\/div><span class=\"awb-title-spacer\"><\/span><h1 class=\"title-heading-center fusion-responsive-typography-calculated\" style=\"margin:0;--fontSize:55;line-height:1.09;\">PREISE<\/h1><span class=\"awb-title-spacer\"><\/span><div class=\"title-sep-container title-sep-container-right\"><div class=\"title-sep sep-double sep-solid\" style=\"border-color:#e0dede;\"><\/div><\/div><\/div><div class=\"fusion-clearfix\"><\/div><\/div><\/div><\/div><\/div><div class=\"fusion-fullwidth fullwidth-box fusion-builder-row-3 nonhundred-percent-fullwidth non-hundred-percent-height-scrolling\" style=\"--awb-border-radius-top-left:0px;--awb-border-radius-top-right:0px;--awb-border-radius-bottom-right:0px;--awb-border-radius-bottom-left:0px;--awb-padding-top:20px;--awb-padding-bottom:0px;--awb-margin-bottom:0px;\" ><div class=\"fusion-builder-row fusion-row\"><div class=\"fusion-layout-column fusion_builder_column fusion-builder-column-2 fusion_builder_column_1_1 1_1 fusion-one-full fusion-column-first fusion-column-last\" style=\"--awb-bg-blend:overlay;--awb-bg-size:cover;\"><div class=\"fusion-column-wrapper fusion-flex-column-wrapper-legacy\"><div class=\"fusion-text fusion-text-1\"><p style=\"text-align: center;\"><strong>2025 &#8211; Wochenpreise per Wohnung<\/strong><\/p>\n<\/div><div class=\"fusion-clearfix\"><\/div><\/div><\/div><\/div><\/div><div class=\"fusion-fullwidth fullwidth-box fusion-builder-row-4 hundred-percent-fullwidth non-hundred-percent-height-scrolling fusion-equal-height-columns\" style=\"--awb-border-radius-top-left:0px;--awb-border-radius-top-right:0px;--awb-border-radius-bottom-right:0px;--awb-border-radius-bottom-left:0px;--awb-padding-top:10px;--awb-padding-right:10px;--awb-padding-bottom:10px;--awb-padding-left:10px;--awb-background-color:#ffffff;\" ><div class=\"fusion-builder-row fusion-row\"><div class=\"fusion-layout-column fusion_builder_column fusion-builder-column-3 fusion_builder_column_2_3 2_3 fusion-two-third fusion-column-first\" style=\"--awb-bg-blend:overlay;--awb-bg-size:cover;--awb-border-color:#ededed;--awb-border-top:0;--awb-border-right:0;--awb-border-bottom:0;--awb-border-left:0;--awb-border-style:solid;width:66.666666666667%;width:calc(66.666666666667% - ( ( 4% ) * 0.66666666666667 ) );margin-right: 4%;\"><div class=\"fusion-column-wrapper fusion-flex-column-wrapper-legacy\">\r\n<div class=\"table-1\">\r\n<table width=\"100%\">\r\n<thead>\r\n<tr>\r\n<th align=\"left\">\u00a0<\/th>\r\n<th style=\"text-align: center;\" align=\"left\">\u00a0<\/th>\r\n<th style=\"text-align: center;\" align=\"left\">1 Zim.Whg<br \/>2\/3 Pax<\/th>\r\n<th style=\"text-align: center;\" align=\"left\">1 Zim.Whg<br \/>4 Pax<\/th>\r\n<th style=\"text-align: center;\" align=\"left\">2 Zim.Whg<br \/>4 Pax<\/th>\r\n<th style=\"text-align: center;\" align=\"left\">2 Zim.Whg<br \/>5 Pax<\/th>\r\n<th style=\"text-align: center;\" align=\"left\">3 Zim.Whg<br \/>6 Pax<\/th>\r\n<\/tr>\r\n<\/thead>\r\n<tbody>\r\n<tr>\r\n<td style=\"text-align: center;\" align=\"left\">A<\/td>\r\n<td style=\"text-align: center;\" align=\"left\">18.04-30.05<br \/>20.09-11.10<\/td>\r\n<td style=\"text-align: center;\" align=\"left\">330<\/td>\r\n<td style=\"text-align: center;\" align=\"left\">380<\/td>\r\n<td style=\"text-align: center;\" align=\"left\">430<\/td>\r\n<td style=\"text-align: center;\" align=\"left\">470<\/td>\r\n<td style=\"text-align: center;\" align=\"left\">520<\/td>\r\n<\/tr>\r\n<\/tbody>\r\n<tbody>\r\n<tr>\r\n<td style=\"text-align: center;\" align=\"left\">B<\/td>\r\n<td style=\"text-align: center;\" align=\"left\">31.05-06.06<br \/>13.09-19.09<\/td>\r\n<td style=\"text-align: center;\" align=\"left\">450<\/td>\r\n<td style=\"text-align: center;\" align=\"left\">490<\/td>\r\n<td style=\"text-align: center;\" align=\"left\">550<\/td>\r\n<td style=\"text-align: center;\" align=\"left\">600<\/td>\r\n<td style=\"text-align: center;\" align=\"left\">680<\/td>\r\n<\/tr>\r\n<\/tbody>\r\n<tbody>\r\n<tr>\r\n<td style=\"text-align: center;\" align=\"left\">C<\/td>\r\n<td style=\"text-align: center;\" align=\"left\">07.06-13.06<br \/>06.09-12.09<\/td>\r\n<td style=\"text-align: center;\" align=\"left\">550<\/td>\r\n<td style=\"text-align: center;\" align=\"left\">580<\/td>\r\n<td style=\"text-align: center;\" align=\"left\">650<\/td>\r\n<td style=\"text-align: center;\" align=\"left\">700<\/td>\r\n<td style=\"text-align: center;\" align=\"left\">790<\/td>\r\n<\/tr>\r\n<\/tbody>\r\n<tbody>\r\n<tr>\r\n<td style=\"text-align: center;\" align=\"left\">D<\/td>\r\n<td style=\"text-align: center;\" align=\"left\">\r\n<p>14.06-27.06<br \/>30.08-06.09<\/p>\r\n<\/td>\r\n<td style=\"text-align: center;\" align=\"left\">650<\/td>\r\n<td style=\"text-align: center;\" align=\"left\">700<\/td>\r\n<td style=\"text-align: center;\" align=\"left\">780<\/td>\r\n<td style=\"text-align: center;\" align=\"left\">860<\/td>\r\n<td style=\"text-align: center;\" align=\"left\">920<\/td>\r\n<\/tr>\r\n<\/tbody>\r\n<tbody>\r\n<tr>\r\n<td style=\"text-align: center;\" align=\"left\">E<\/td>\r\n<td style=\"text-align: center;\" align=\"left\">\r\n<p>28.06-26.07<\/p>\r\n<\/td>\r\n<td style=\"text-align: center;\" align=\"left\">780<\/td>\r\n<td style=\"text-align: center;\" align=\"left\">830<\/td>\r\n<td style=\"text-align: center;\" align=\"left\">890<\/td>\r\n<td style=\"text-align: center;\" align=\"left\">960<\/td>\r\n<td style=\"text-align: center;\" align=\"left\">1.050<\/td>\r\n<\/tr>\r\n<\/tbody>\r\n<tbody>\r\n<tr>\r\n<td style=\"text-align: center;\" align=\"left\">F<\/td>\r\n<td style=\"text-align: center;\" align=\"left\">26.07-01.08<br \/>23.08-29.08<\/td>\r\n<td style=\"text-align: center;\" align=\"left\">870<\/td>\r\n<td style=\"text-align: center;\" align=\"left\">900<\/td>\r\n<td style=\"text-align: center;\" align=\"left\">990<\/td>\r\n<td style=\"text-align: center;\" align=\"left\">1.040<\/td>\r\n<td style=\"text-align: center;\" align=\"left\">1.150<\/td>\r\n<\/tr>\r\n<\/tbody>\r\n<tbody>\r\n<tr>\r\n<td style=\"text-align: center;\" align=\"left\">G<\/td>\r\n<td style=\"text-align: center;\" align=\"left\">\r\n<p>02.08-08.08<\/p>\r\n<\/td>\r\n<td style=\"text-align: center;\" align=\"left\">990<\/td>\r\n<td style=\"text-align: center;\" align=\"left\">1.040<\/td>\r\n<td style=\"text-align: center;\" align=\"left\">1.140<\/td>\r\n<td style=\"text-align: center;\" align=\"left\">1.240<\/td>\r\n<td style=\"text-align: center;\" align=\"left\">1.590<\/td>\r\n<\/tr>\r\n<\/tbody>\r\n<tbody>\r\n<tr>\r\n<td style=\"text-align: center;\" align=\"left\">H<\/td>\r\n<td style=\"text-align: center;\" align=\"left\">\r\n<p>09.08-22.08<\/p>\r\n<\/td>\r\n<td style=\"text-align: center;\" align=\"left\">1.090<\/td>\r\n<td style=\"text-align: center;\" align=\"left\">1.240<\/td>\r\n<td style=\"text-align: center;\" align=\"left\">1.500<\/td>\r\n<td style=\"text-align: center;\" align=\"left\">1.590<\/td>\r\n<td style=\"text-align: center;\" align=\"left\">1.700<\/td>\r\n<\/tr>\r\n<\/tbody>\r\n<\/table>\r\n<\/div>\r\n<div class=\"fusion-text fusion-text-2\"><p style=\"text-align: justify;\"><strong>Die Preise k\u00f6nnen je nach Anzahl der gebuchten N\u00e4chte, der Anzahl der \u00fcbernachtenden G\u00e4ste und der Verf\u00fcgbarkeit der Unterkunft variieren.<\/strong> Gerne senden wir Ihnen E-Mails mit dem tats\u00e4chlichen Preis und ohne jegliche Verpflichtung Ihrerseits.<\/p>\n<p>Die Preise beinhalten den Verbrauch von Wasser, Strom, Gas, Parkplatz, Nutzung des Schwimmbades und der Hydromassage, des Kinderspielplatzes und des Grills.<\/p>\n<p>Exklusive Bettw\u00e4sche und Handt\u00fccher: \u20ac. 12.- pro Person optional zur Miete.<\/p>\n<p style=\"text-align: justify;\">Die Endreinigung ist ausgeschlossen: \u20ac 40,00 f\u00fcr die 1-Zimmer Wohnung, 50,00 \u20ac f\u00fcr die 2-Zimmer Wohnung und \u20ac 60,00 f\u00fcr die 3-Zimmmer Wohnung.<\/p>\n<p style=\"text-align: justify;\">\n<\/div><div class=\"fusion-clearfix\"><\/div><\/div><\/div><div class=\"fusion-layout-column fusion_builder_column fusion-builder-column-4 fusion_builder_column_1_3 1_3 fusion-one-third fusion-column-last\" style=\"--awb-bg-blend:overlay;--awb-bg-size:cover;width:33.333333333333%;width:calc(33.333333333333% - ( ( 4% ) * 0.33333333333333 ) );\"><div class=\"fusion-column-wrapper fusion-flex-column-wrapper-legacy\"><div class=\"fusion-text fusion-text-3\"><p><strong>Lange Wochenende: Zuschlag in H\u00f6he von \u20ac. 10,00.- pro Nacht<br \/><\/strong><br \/>Mindestaufenthalt 3 N\u00e4chte in A-B (+ \u20ac20 pro Nacht bei einem Aufenthalt von weniger als 6 N\u00e4chten) \/ 7 N\u00e4chte in C-D-E-F-G-H<\/p>\n<p>Die Wohnungen stehen\u00a0 ab 16:00 Uhr am Anreisetag und bis um 09:00 Uhr am Abreisetag zur Verf\u00fcgung.<\/p>\n<p>Der Empfang findet in der residence statt, Concierge-Service von 09:00 bis 12:00 Uhr und von 16:30 bis 19:00 jeden Tag. <strong>Samstag von 08.00 bis 19.30.<\/strong><\/p>\n<ul>\n<li>Camping Kinderbett <strong>kostenlos, auf Anfrage.<\/strong><\/li>\n<\/ul>\n<p><strong>Zuschl\u00e4ge<\/strong>:<\/p>\n<ul>\n<li>Kleine Haustiere <strong> \u20ac 50,00.- <\/strong> pro Woche.<\/li>\n<li>Bettw\u00e4sche und Handt\u00fccher auf Anfrage <strong> \u20ac 12,00.- <\/strong> pro Person pro Wechsel.<\/li>\n<li>Waschmaschine <strong> \u20ac 5,00.- <\/strong> pro W\u00e4sche, Seife inbegriffen.<\/li>\n<\/ul>\n<p style=\"text-align: justify;\">\u00a0<\/p>\n<p style=\"text-align: justify;\">\u00a0<\/p>\n<p style=\"text-align: justify;\">\n<\/div><div class=\"fusion-clearfix\"><\/div><\/div><\/div><\/div><\/div><div class=\"fusion-fullwidth fullwidth-box fusion-builder-row-5 fusion-flex-container nonhundred-percent-fullwidth non-hundred-percent-height-scrolling\" style=\"--awb-border-radius-top-left:0px;--awb-border-radius-top-right:0px;--awb-border-radius-bottom-right:0px;--awb-border-radius-bottom-left:0px;\" ><div class=\"fusion-builder-row fusion-row fusion-flex-align-items-flex-start\" style=\"max-width:1996.8px;margin-left: calc(-4% \/ 2 );margin-right: calc(-4% \/ 2 );\"><div class=\"fusion-layout-column fusion_builder_column fusion-builder-column-5 fusion_builder_column_1_1 1_1 fusion-flex-column\" style=\"--awb-bg-blend:overlay;--awb-bg-size:cover;--awb-width-large:100%;--awb-margin-top-large:0px;--awb-spacing-right-large:1.92%;--awb-margin-bottom-large:0px;--awb-spacing-left-large:1.92%;--awb-width-medium:100%;--awb-spacing-right-medium:1.92%;--awb-spacing-left-medium:1.92%;--awb-width-small:100%;--awb-spacing-right-small:1.92%;--awb-spacing-left-small:1.92%;\"><div class=\"fusion-column-wrapper fusion-flex-justify-content-flex-start fusion-content-layout-column\"><div class=\"fusion-text fusion-text-4\"><\/p>\n<p>&nbsp;<\/p>\n<\/p>\n<p style=\"text-align: justify;\">\n<\/div><\/div><\/div><\/div><\/div><\/p>","protected":false},"excerpt":{"rendered":"","protected":false},"author":1,"featured_media":0,"parent":0,"menu_order":0,"comment_status":"closed","ping_status":"closed","template":"","meta":{"footnotes":""},"class_list":["post-855","page","type-page","status-publish","hentry"],"yoast_head":"<!-- This site is optimized with the Yoast SEO plugin v19.10 - https:\/\/yoast.com\/wordpress\/plugins\/seo\/ -->\n<title>F\u00fcr einen Urlaub auf der Insel Elba zu g\u00fcnstigen Preisen: Residence Barcoco in Marina di Campo<\/title>\n<meta name=\"description\" content=\"Preise: f\u00fcr einem sch\u00f6nen Strandurlaub auf der Insel Elba mit der ganzen Familie zu g\u00fcstigen Preisen: Residence al Barcoco in Marina di Campo nahe am Meer.\" \/>\n<meta name=\"robots\" content=\"index, follow, max-snippet:-1, max-image-preview:large, max-video-preview:-1\" \/>\n<link rel=\"canonical\" href=\"https:\/\/www.elbaresidencealbarcoco.it\/de\/preise-residence-al-barcoco-elba\/\" \/>\n<meta property=\"og:locale\" content=\"de_DE\" \/>\n<meta property=\"og:type\" content=\"article\" \/>\n<meta property=\"og:title\" content=\"F\u00fcr einen Urlaub auf der Insel Elba zu g\u00fcnstigen Preisen: Residence Barcoco in Marina di Campo\" \/>\n<meta property=\"og:description\" content=\"Preise: f\u00fcr einem sch\u00f6nen Strandurlaub auf der Insel Elba mit der ganzen Familie zu g\u00fcstigen Preisen: Residence al Barcoco in Marina di Campo nahe am Meer.\" \/>\n<meta property=\"og:url\" content=\"https:\/\/www.elbaresidencealbarcoco.it\/de\/preise-residence-al-barcoco-elba\/\" \/>\n<meta property=\"og:site_name\" content=\"Residence Al Barcoco Isola d&#039;Elba\" \/>\n<meta property=\"article:modified_time\" content=\"2025-07-19T13:41:52+00:00\" \/>\n<meta name=\"twitter:card\" content=\"summary_large_image\" \/>\n<meta name=\"twitter:label1\" content=\"Gesch\u00e4tzte Lesezeit\" \/>\n\t<meta name=\"twitter:data1\" content=\"4\u00a0Minuten\" \/>\n<script type=\"application\/ld+json\" class=\"yoast-schema-graph\">{\"@context\":\"https:\/\/schema.org\",\"@graph\":[{\"@type\":\"WebPage\",\"@id\":\"https:\/\/www.elbaresidencealbarcoco.it\/de\/preise-residence-al-barcoco-elba\/\",\"url\":\"https:\/\/www.elbaresidencealbarcoco.it\/de\/preise-residence-al-barcoco-elba\/\",\"name\":\"F\u00fcr einen Urlaub auf der Insel Elba zu g\u00fcnstigen Preisen: Residence Barcoco in Marina di Campo\",\"isPartOf\":{\"@id\":\"https:\/\/www.elbaresidencealbarcoco.it\/#website\"},\"datePublished\":\"2017-02-24T12:28:36+00:00\",\"dateModified\":\"2025-07-19T13:41:52+00:00\",\"description\":\"Preise: f\u00fcr einem sch\u00f6nen Strandurlaub auf der Insel Elba mit der ganzen Familie zu g\u00fcstigen Preisen: Residence al Barcoco in Marina di Campo nahe am Meer.\",\"breadcrumb\":{\"@id\":\"https:\/\/www.elbaresidencealbarcoco.it\/de\/preise-residence-al-barcoco-elba\/#breadcrumb\"},\"inLanguage\":\"de\",\"potentialAction\":[{\"@type\":\"ReadAction\",\"target\":[\"https:\/\/www.elbaresidencealbarcoco.it\/de\/preise-residence-al-barcoco-elba\/\"]}]},{\"@type\":\"BreadcrumbList\",\"@id\":\"https:\/\/www.elbaresidencealbarcoco.it\/de\/preise-residence-al-barcoco-elba\/#breadcrumb\",\"itemListElement\":[{\"@type\":\"ListItem\",\"position\":1,\"name\":\"Home\",\"item\":\"https:\/\/www.elbaresidencealbarcoco.it\/de\/\"},{\"@type\":\"ListItem\",\"position\":2,\"name\":\"Preise\"}]},{\"@type\":\"WebSite\",\"@id\":\"https:\/\/www.elbaresidencealbarcoco.it\/#website\",\"url\":\"https:\/\/www.elbaresidencealbarcoco.it\/\",\"name\":\"Residence Al Barcoco Isola d&#039;Elba\",\"description\":\"Per le vostre vacanze all&#039;Isola d&#039;Elba\",\"publisher\":{\"@id\":\"https:\/\/www.elbaresidencealbarcoco.it\/#organization\"},\"potentialAction\":[{\"@type\":\"SearchAction\",\"target\":{\"@type\":\"EntryPoint\",\"urlTemplate\":\"https:\/\/www.elbaresidencealbarcoco.it\/?s={search_term_string}\"},\"query-input\":\"required name=search_term_string\"}],\"inLanguage\":\"de\"},{\"@type\":\"Organization\",\"@id\":\"https:\/\/www.elbaresidencealbarcoco.it\/#organization\",\"name\":\"Orion Elba sas di burec m. & c.\",\"url\":\"https:\/\/www.elbaresidencealbarcoco.it\/\",\"logo\":{\"@type\":\"ImageObject\",\"inLanguage\":\"de\",\"@id\":\"https:\/\/www.elbaresidencealbarcoco.it\/#\/schema\/logo\/image\/\",\"url\":\"https:\/\/www.elbaresidencealbarcoco.it\/wp-content\/uploads\/2017\/08\/campo-new-02.jpg\",\"contentUrl\":\"https:\/\/www.elbaresidencealbarcoco.it\/wp-content\/uploads\/2017\/08\/campo-new-02.jpg\",\"width\":1000,\"height\":563,\"caption\":\"Orion Elba sas di burec m. & c.\"},\"image\":{\"@id\":\"https:\/\/www.elbaresidencealbarcoco.it\/#\/schema\/logo\/image\/\"}}]}<\/script>\n<!-- \/ Yoast SEO plugin. -->","yoast_head_json":{"title":"F\u00fcr einen Urlaub auf der Insel Elba zu g\u00fcnstigen Preisen: Residence Barcoco in Marina di Campo","description":"Preise: f\u00fcr einem sch\u00f6nen Strandurlaub auf der Insel Elba mit der ganzen Familie zu g\u00fcstigen Preisen: Residence al Barcoco in Marina di Campo nahe am Meer.","robots":{"index":"index","follow":"follow","max-snippet":"max-snippet:-1","max-image-preview":"max-image-preview:large","max-video-preview":"max-video-preview:-1"},"canonical":"https:\/\/www.elbaresidencealbarcoco.it\/de\/preise-residence-al-barcoco-elba\/","og_locale":"de_DE","og_type":"article","og_title":"F\u00fcr einen Urlaub auf der Insel Elba zu g\u00fcnstigen Preisen: Residence Barcoco in Marina di Campo","og_description":"Preise: f\u00fcr einem sch\u00f6nen Strandurlaub auf der Insel Elba mit der ganzen Familie zu g\u00fcstigen Preisen: Residence al Barcoco in Marina di Campo nahe am Meer.","og_url":"https:\/\/www.elbaresidencealbarcoco.it\/de\/preise-residence-al-barcoco-elba\/","og_site_name":"Residence Al Barcoco Isola d&#039;Elba","article_modified_time":"2025-07-19T13:41:52+00:00","twitter_card":"summary_large_image","twitter_misc":{"Gesch\u00e4tzte Lesezeit":"4\u00a0Minuten"},"schema":{"@context":"https:\/\/schema.org","@graph":[{"@type":"WebPage","@id":"https:\/\/www.elbaresidencealbarcoco.it\/de\/preise-residence-al-barcoco-elba\/","url":"https:\/\/www.elbaresidencealbarcoco.it\/de\/preise-residence-al-barcoco-elba\/","name":"F\u00fcr einen Urlaub auf der Insel Elba zu g\u00fcnstigen Preisen: Residence Barcoco in Marina di Campo","isPartOf":{"@id":"https:\/\/www.elbaresidencealbarcoco.it\/#website"},"datePublished":"2017-02-24T12:28:36+00:00","dateModified":"2025-07-19T13:41:52+00:00","description":"Preise: f\u00fcr einem sch\u00f6nen Strandurlaub auf der Insel Elba mit der ganzen Familie zu g\u00fcstigen Preisen: Residence al Barcoco in Marina di Campo nahe am Meer.","breadcrumb":{"@id":"https:\/\/www.elbaresidencealbarcoco.it\/de\/preise-residence-al-barcoco-elba\/#breadcrumb"},"inLanguage":"de","potentialAction":[{"@type":"ReadAction","target":["https:\/\/www.elbaresidencealbarcoco.it\/de\/preise-residence-al-barcoco-elba\/"]}]},{"@type":"BreadcrumbList","@id":"https:\/\/www.elbaresidencealbarcoco.it\/de\/preise-residence-al-barcoco-elba\/#breadcrumb","itemListElement":[{"@type":"ListItem","position":1,"name":"Home","item":"https:\/\/www.elbaresidencealbarcoco.it\/de\/"},{"@type":"ListItem","position":2,"name":"Preise"}]},{"@type":"WebSite","@id":"https:\/\/www.elbaresidencealbarcoco.it\/#website","url":"https:\/\/www.elbaresidencealbarcoco.it\/","name":"Residence Al Barcoco Isola d&#039;Elba","description":"Per le vostre vacanze all&#039;Isola d&#039;Elba","publisher":{"@id":"https:\/\/www.elbaresidencealbarcoco.it\/#organization"},"potentialAction":[{"@type":"SearchAction","target":{"@type":"EntryPoint","urlTemplate":"https:\/\/www.elbaresidencealbarcoco.it\/?s={search_term_string}"},"query-input":"required name=search_term_string"}],"inLanguage":"de"},{"@type":"Organization","@id":"https:\/\/www.elbaresidencealbarcoco.it\/#organization","name":"Orion Elba sas di burec m. & c.","url":"https:\/\/www.elbaresidencealbarcoco.it\/","logo":{"@type":"ImageObject","inLanguage":"de","@id":"https:\/\/www.elbaresidencealbarcoco.it\/#\/schema\/logo\/image\/","url":"https:\/\/www.elbaresidencealbarcoco.it\/wp-content\/uploads\/2017\/08\/campo-new-02.jpg","contentUrl":"https:\/\/www.elbaresidencealbarcoco.it\/wp-content\/uploads\/2017\/08\/campo-new-02.jpg","width":1000,"height":563,"caption":"Orion Elba sas di burec m. & c."},"image":{"@id":"https:\/\/www.elbaresidencealbarcoco.it\/#\/schema\/logo\/image\/"}}]}},"_links":{"self":[{"href":"https:\/\/www.elbaresidencealbarcoco.it\/de\/wp-json\/wp\/v2\/pages\/855","targetHints":{"allow":["GET"]}}],"collection":[{"href":"https:\/\/www.elbaresidencealbarcoco.it\/de\/wp-json\/wp\/v2\/pages"}],"about":[{"href":"https:\/\/www.elbaresidencealbarcoco.it\/de\/wp-json\/wp\/v2\/types\/page"}],"author":[{"embeddable":true,"href":"https:\/\/www.elbaresidencealbarcoco.it\/de\/wp-json\/wp\/v2\/users\/1"}],"replies":[{"embeddable":true,"href":"https:\/\/www.elbaresidencealbarcoco.it\/de\/wp-json\/wp\/v2\/comments?post=855"}],"version-history":[{"count":34,"href":"https:\/\/www.elbaresidencealbarcoco.it\/de\/wp-json\/wp\/v2\/pages\/855\/revisions"}],"predecessor-version":[{"id":3046,"href":"https:\/\/www.elbaresidencealbarcoco.it\/de\/wp-json\/wp\/v2\/pages\/855\/revisions\/3046"}],"wp:attachment":[{"href":"https:\/\/www.elbaresidencealbarcoco.it\/de\/wp-json\/wp\/v2\/media?parent=855"}],"curies":[{"name":"wp","href":"https:\/\/api.w.org\/{rel}","templated":true}]}}