{"id":927,"date":"2017-03-07T14:57:25","date_gmt":"2017-03-07T13:57:25","guid":{"rendered":"http:\/\/barcoco.demo.elbalink.it\/?page_id=927\/"},"modified":"2024-02-03T16:26:19","modified_gmt":"2024-02-03T15:26:19","slug":"kontakt-ferien-insel-elba","status":"publish","type":"page","link":"https:\/\/www.elbaresidencealbarcoco.it\/de\/kontakt-ferien-insel-elba\/","title":{"rendered":"Kontakt"},"content":{"rendered":"<p><div class=\"fusion-fullwidth fullwidth-box fusion-builder-row-1 fusion-flex-container has-pattern-background has-mask-background nonhundred-percent-fullwidth non-hundred-percent-height-scrolling\" style=\"--awb-border-radius-top-left:0px;--awb-border-radius-top-right:0px;--awb-border-radius-bottom-right:0px;--awb-border-radius-bottom-left:0px;\" ><div class=\"fusion-builder-row fusion-row fusion-flex-align-items-flex-start\" style=\"max-width:1996.8px;margin-left: calc(-4% \/ 2 );margin-right: calc(-4% \/ 2 );\"><\/div><\/div><div class=\"fusion-fullwidth fullwidth-box fusion-builder-row-2 nonhundred-percent-fullwidth non-hundred-percent-height-scrolling\" style=\"--awb-border-radius-top-left:0px;--awb-border-radius-top-right:0px;--awb-border-radius-bottom-right:0px;--awb-border-radius-bottom-left:0px;--awb-padding-top:25px;--awb-padding-right:0px;--awb-padding-bottom:10px;--awb-padding-left:0px;\" ><div class=\"fusion-builder-row fusion-row\"><div class=\"fusion-layout-column fusion_builder_column fusion-builder-column-0 fusion_builder_column_1_1 1_1 fusion-one-full fusion-column-first fusion-column-last fusion-no-small-visibility\" style=\"--awb-bg-size:cover;--awb-margin-bottom:208.995px;\"><div class=\"fusion-column-wrapper fusion-column-has-shadow fusion-flex-column-wrapper-legacy\"><div class=\"fusion-clearfix\"><\/div><\/div><\/div><div class=\"fusion-layout-column fusion_builder_column fusion-builder-column-1 fusion_builder_column_1_1 1_1 fusion-one-full fusion-column-first fusion-column-last\" style=\"--awb-bg-size:cover;\"><div class=\"fusion-column-wrapper fusion-flex-column-wrapper-legacy\"><div class=\"fusion-title title fusion-title-1 fusion-title-center fusion-title-text fusion-title-size-one\" style=\"--awb-text-color:var(--awb-custom14);--awb-margin-top:10px;--awb-margin-bottom:10px;\"><div class=\"title-sep-container title-sep-container-left\"><div class=\"title-sep sep-double sep-solid\" style=\"border-color:#e0dede;\"><\/div><\/div><span class=\"awb-title-spacer\"><\/span><h1 class=\"title-heading-center fusion-responsive-typography-calculated\" style=\"margin:0;--fontSize:55;line-height:1.09;\">KONTAKTE<\/h1><span class=\"awb-title-spacer\"><\/span><div class=\"title-sep-container title-sep-container-right\"><div class=\"title-sep sep-double sep-solid\" style=\"border-color:#e0dede;\"><\/div><\/div><\/div><div class=\"fusion-clearfix\"><\/div><\/div><\/div><\/div><\/div><div class=\"fusion-fullwidth fullwidth-box fusion-builder-row-3 nonhundred-percent-fullwidth non-hundred-percent-height-scrolling\" style=\"--awb-border-radius-top-left:0px;--awb-border-radius-top-right:0px;--awb-border-radius-bottom-right:0px;--awb-border-radius-bottom-left:0px;--awb-padding-top:20px;--awb-padding-right:18px;--awb-padding-bottom:20px;--awb-padding-left:33.9953px;\" ><div class=\"fusion-builder-row fusion-row\"><div class=\"fusion-layout-column fusion_builder_column fusion-builder-column-2 fusion_builder_column_1_1 1_1 fusion-one-full fusion-column-first fusion-column-last\" style=\"--awb-bg-size:cover;\"><div class=\"fusion-column-wrapper fusion-flex-column-wrapper-legacy\"><div class=\"fusion-text fusion-text-1\"><h4 data-fontsize=\"18\" style=\"--fontSize: 18; line-height: 1.11; --minFontSize: 18;\" data-lineheight=\"19.98px\" class=\"fusion-responsive-typography-calculated\"><b data-fusion-font=\"true\" style=\"font-size: 21px; color: var(--awb-custom14);\">UNSERE KONTAKTE<\/b><\/h4>\n<h4 style=\"--fontSize: 18; line-height: 1.11; --minFontSize: 18;\">\n<p data-fusion-font=\"true\" style=\"font-size: 18px; line-height: 7px; font-family: 'Open Sans'; font-weight: 400; color: rgb(51, 51, 51);\" data-fusion-google-font=\"Open Sans\" data-fusion-google-variant=\"400\">Residence Al Barcoco<\/p>\n<p data-fusion-font=\"true\" style=\"font-size: 18px; line-height: 7px; font-family: 'Open Sans'; font-weight: 400; color: rgb(51, 51, 51);\" data-fusion-google-font=\"Open Sans\" data-fusion-google-variant=\"400\">Via per Portoferraio, 1587<\/p>\n<p data-fusion-font=\"true\" style=\"font-size: 18px; line-height: 7px; font-family: 'Open Sans'; font-weight: 400; color: rgb(51, 51, 51);\" data-fusion-google-font=\"Open Sans\" data-fusion-google-variant=\"400\">57034 Campo nell&#8217;Elba &#8211; Marina di Campo (LI)<\/p>\n<\/h4>\n<p><span data-fusion-font=\"true\" style=\"font-size: 17px; line-height: 0; color: rgb(0, 17, 130);\"><span data-fusion-font=\"true\" style=\"font-size: 18px; line-height: 5px; font-family: 'Open Sans'; font-weight: 400;\" data-fusion-google-font=\"Open Sans\" data-fusion-google-variant=\"400\">Tel.: <\/span><b data-fusion-font=\"true\" style=\"font-size: 17px;\"><span data-fusion-font=\"true\" style=\"line-height: 5px; font-size: 18px;\"><a href=\"tel:+393473704625\" target=\"_blank\" rel=\"noopener noreferrer\" style=\"color: rgb(0, 17, 130); font-family: 'Open Sans'; font-size: 18px;\" data-fusion-font=\"true\" data-fusion-google-font=\"Open Sans\" data-fusion-google-variant=\"400\">+39 347 3704625<\/a><\/span><br \/><\/b><\/span><span data-fusion-font=\"true\" style=\"font-size: 18px; line-height: 5px; color: var(--awb-custom14); font-family: 'Open Sans'; font-weight: 400;\" data-fusion-google-font=\"Open Sans\" data-fusion-google-variant=\"400\">WhatsApp: <\/span><a href=\"https:\/\/wa.me\/message\/XJ5MDIIYGMRYN1\" target=\"_blank\" rel=\"noopener noreferrer\"><span data-fusion-font=\"true\" style=\"font-size: 17px; line-height: 0; color: var(--awb-custom14);\"><b data-fusion-font=\"true\" style=\"font-size: 17px;\"><span data-fusion-font=\"true\" style=\"line-height: 5px; font-size: 18px; font-family: 'Open Sans';\" data-fusion-google-font=\"Open Sans\" data-fusion-google-variant=\"400\">+39 328 0726583<\/span><\/b><\/span><\/a><font color=\"#006d4e\"><b><br \/><\/b><\/font><span data-fusion-font=\"true\" style=\"color: var(--awb-text-color); font-family: var(--awb-text-font-family); font-style: var(--awb-text-font-style); font-weight: var(--awb-text-font-weight); letter-spacing: var(--awb-letter-spacing); text-align: var(--awb-content-alignment); text-transform: var(--awb-text-transform); background-color: var(--awb-bg-color); font-size: 16px; line-height: 26px;\"><span style=\"color: rgb(0, 109, 60); line-height: 0; font-size: 18px; font-family: 'Open Sans'; font-weight: 400;\" data-fusion-font=\"true\" data-fusion-google-font=\"Open Sans\" data-fusion-google-variant=\"400\">Mail: <\/span><\/span><a href=\"mailto:albarcoco@elbalink.it\" data-fusion-font=\"true\" style=\"font-family: var(--awb-text-font-family); font-style: var(--awb-text-font-style); letter-spacing: var(--awb-letter-spacing); text-align: var(--awb-content-alignment); text-transform: var(--awb-text-transform); background-color: var(--awb-bg-color); font-size: 17px; line-height: 0; color: rgb(0, 109, 60);\"><b data-fusion-font=\"true\" style=\"font-size: 18px; line-height: 0; font-family: 'Open Sans';\" data-fusion-google-font=\"Open Sans\" data-fusion-google-variant=\"400\">albarcoco@elbalink.it<\/b><\/a><\/p>\n<p><span style=\"font-family: var(--awb-text-font-family); font-style: var(--awb-text-font-style); font-weight: var(--awb-text-font-weight); letter-spacing: var(--awb-letter-spacing); text-align: var(--awb-content-alignment); text-transform: var(--awb-text-transform); background-color: var(--awb-bg-color); font-size: 14px;\" data-fusion-font=\"true\">Wir weisen darauf hin, dass die von Ihnen angegebenen Daten im Rahmen der Bestimmungen der EU-Datenschutz-Grundverordnung 2016\/679) mit elektronischen Mitteln lediglich zu dem Zweck erhoben, gespeichert und verarbeitet werden, Ihnen die von Ihnen angeforderten Informationen zu \u00fcbermitteln und gegebenenfalls die Buchung von Zimmern und anderen Dienstleistungen zu definieren\/best\u00e4tigen.<\/span><\/p>\n<\/div><div class=\"fusion-clearfix\"><\/div><\/div><\/div><\/div><\/div><div class=\"fusion-fullwidth fullwidth-box fusion-builder-row-4 nonhundred-percent-fullwidth non-hundred-percent-height-scrolling\" style=\"--awb-border-radius-top-left:0px;--awb-border-radius-top-right:0px;--awb-border-radius-bottom-right:0px;--awb-border-radius-bottom-left:0px;--awb-padding-top:20px;--awb-padding-bottom:20px;\" ><div class=\"fusion-builder-row fusion-row\"><div class=\"fusion-layout-column fusion_builder_column fusion-builder-column-3 fusion_builder_column_1_1 1_1 fusion-one-full fusion-column-first fusion-column-last\" style=\"--awb-bg-size:cover;\"><div class=\"fusion-column-wrapper fusion-flex-column-wrapper-legacy\"><iframe src=\"https:\/\/www.google.com\/maps\/embed?pb=!1m18!1m12!1m3!1d46870.279840393065!2d10.200381078279188!3d42.75890391781174!2m3!1f0!2f0!3f0!3m2!1i1024!2i768!4f13.1!3m3!1m2!1s0x12d64af39b0b9ceb%3A0x57732fbf10dffce3!2sResidence+Al+Barcoco+Isola+d&#39;Elba!5e0!3m2!1sit!2sit!4v1488302505932\" width=\"100%\" height=\"250\" frameborder=\"0\" style=\"border:0\" allowfullscreen><\/iframe><div class=\"fusion-clearfix\"><\/div><\/div><\/div><\/div><\/div><\/p>\n","protected":false},"excerpt":{"rendered":"","protected":false},"author":1,"featured_media":0,"parent":0,"menu_order":0,"comment_status":"closed","ping_status":"closed","template":"100-width.php","meta":{"footnotes":""},"class_list":["post-927","page","type-page","status-publish","hentry"],"yoast_head":"<!-- This site is optimized with the Yoast SEO plugin v19.10 - https:\/\/yoast.com\/wordpress\/plugins\/seo\/ -->\n<title>Kontaktieren Sie die Residenz al Barcoco f\u00fcr einen Strandurlaub auf Elba<\/title>\n<meta name=\"description\" content=\"F\u00fcr einen traumhaften Urlaub am Meer auf der Insel Elba in Marina di Campo kontaktieren Sie die Residence al Barcoco f\u00fcr Informationen oder ein Angebot.\" \/>\n<meta name=\"robots\" content=\"index, follow, max-snippet:-1, max-image-preview:large, max-video-preview:-1\" \/>\n<link rel=\"canonical\" href=\"https:\/\/www.elbaresidencealbarcoco.it\/de\/kontakt-ferien-insel-elba\/\" \/>\n<meta property=\"og:locale\" content=\"de_DE\" \/>\n<meta property=\"og:type\" content=\"article\" \/>\n<meta property=\"og:title\" content=\"Kontaktieren Sie die Residenz al Barcoco f\u00fcr einen Strandurlaub auf Elba\" \/>\n<meta property=\"og:description\" content=\"F\u00fcr einen traumhaften Urlaub am Meer auf der Insel Elba in Marina di Campo kontaktieren Sie die Residence al Barcoco f\u00fcr Informationen oder ein Angebot.\" \/>\n<meta property=\"og:url\" content=\"https:\/\/www.elbaresidencealbarcoco.it\/de\/kontakt-ferien-insel-elba\/\" \/>\n<meta property=\"og:site_name\" content=\"Residence Al Barcoco Isola d&#039;Elba\" \/>\n<meta property=\"article:modified_time\" content=\"2024-02-03T15:26:19+00:00\" \/>\n<meta name=\"twitter:card\" content=\"summary_large_image\" \/>\n<meta name=\"twitter:label1\" content=\"Gesch\u00e4tzte Lesezeit\" \/>\n\t<meta name=\"twitter:data1\" content=\"5\u00a0Minuten\" \/>\n<script type=\"application\/ld+json\" class=\"yoast-schema-graph\">{\"@context\":\"https:\/\/schema.org\",\"@graph\":[{\"@type\":\"WebPage\",\"@id\":\"https:\/\/www.elbaresidencealbarcoco.it\/de\/kontakt-ferien-insel-elba\/\",\"url\":\"https:\/\/www.elbaresidencealbarcoco.it\/de\/kontakt-ferien-insel-elba\/\",\"name\":\"Kontaktieren Sie die Residenz al Barcoco f\u00fcr einen Strandurlaub auf Elba\",\"isPartOf\":{\"@id\":\"https:\/\/www.elbaresidencealbarcoco.it\/#website\"},\"datePublished\":\"2017-03-07T13:57:25+00:00\",\"dateModified\":\"2024-02-03T15:26:19+00:00\",\"description\":\"F\u00fcr einen traumhaften Urlaub am Meer auf der Insel Elba in Marina di Campo kontaktieren Sie die Residence al Barcoco f\u00fcr Informationen oder ein Angebot.\",\"breadcrumb\":{\"@id\":\"https:\/\/www.elbaresidencealbarcoco.it\/de\/kontakt-ferien-insel-elba\/#breadcrumb\"},\"inLanguage\":\"de\",\"potentialAction\":[{\"@type\":\"ReadAction\",\"target\":[\"https:\/\/www.elbaresidencealbarcoco.it\/de\/kontakt-ferien-insel-elba\/\"]}]},{\"@type\":\"BreadcrumbList\",\"@id\":\"https:\/\/www.elbaresidencealbarcoco.it\/de\/kontakt-ferien-insel-elba\/#breadcrumb\",\"itemListElement\":[{\"@type\":\"ListItem\",\"position\":1,\"name\":\"Home\",\"item\":\"https:\/\/www.elbaresidencealbarcoco.it\/de\/\"},{\"@type\":\"ListItem\",\"position\":2,\"name\":\"Kontakt\"}]},{\"@type\":\"WebSite\",\"@id\":\"https:\/\/www.elbaresidencealbarcoco.it\/#website\",\"url\":\"https:\/\/www.elbaresidencealbarcoco.it\/\",\"name\":\"Residence Al Barcoco Isola d&#039;Elba\",\"description\":\"Per le vostre vacanze all&#039;Isola d&#039;Elba\",\"publisher\":{\"@id\":\"https:\/\/www.elbaresidencealbarcoco.it\/#organization\"},\"potentialAction\":[{\"@type\":\"SearchAction\",\"target\":{\"@type\":\"EntryPoint\",\"urlTemplate\":\"https:\/\/www.elbaresidencealbarcoco.it\/?s={search_term_string}\"},\"query-input\":\"required name=search_term_string\"}],\"inLanguage\":\"de\"},{\"@type\":\"Organization\",\"@id\":\"https:\/\/www.elbaresidencealbarcoco.it\/#organization\",\"name\":\"Orion Elba sas di burec m. & c.\",\"url\":\"https:\/\/www.elbaresidencealbarcoco.it\/\",\"logo\":{\"@type\":\"ImageObject\",\"inLanguage\":\"de\",\"@id\":\"https:\/\/www.elbaresidencealbarcoco.it\/#\/schema\/logo\/image\/\",\"url\":\"https:\/\/www.elbaresidencealbarcoco.it\/wp-content\/uploads\/2017\/08\/campo-new-02.jpg\",\"contentUrl\":\"https:\/\/www.elbaresidencealbarcoco.it\/wp-content\/uploads\/2017\/08\/campo-new-02.jpg\",\"width\":1000,\"height\":563,\"caption\":\"Orion Elba sas di burec m. & c.\"},\"image\":{\"@id\":\"https:\/\/www.elbaresidencealbarcoco.it\/#\/schema\/logo\/image\/\"}}]}<\/script>\n<!-- \/ Yoast SEO plugin. -->","yoast_head_json":{"title":"Kontaktieren Sie die Residenz al Barcoco f\u00fcr einen Strandurlaub auf Elba","description":"F\u00fcr einen traumhaften Urlaub am Meer auf der Insel Elba in Marina di Campo kontaktieren Sie die Residence al Barcoco f\u00fcr Informationen oder ein Angebot.","robots":{"index":"index","follow":"follow","max-snippet":"max-snippet:-1","max-image-preview":"max-image-preview:large","max-video-preview":"max-video-preview:-1"},"canonical":"https:\/\/www.elbaresidencealbarcoco.it\/de\/kontakt-ferien-insel-elba\/","og_locale":"de_DE","og_type":"article","og_title":"Kontaktieren Sie die Residenz al Barcoco f\u00fcr einen Strandurlaub auf Elba","og_description":"F\u00fcr einen traumhaften Urlaub am Meer auf der Insel Elba in Marina di Campo kontaktieren Sie die Residence al Barcoco f\u00fcr Informationen oder ein Angebot.","og_url":"https:\/\/www.elbaresidencealbarcoco.it\/de\/kontakt-ferien-insel-elba\/","og_site_name":"Residence Al Barcoco Isola d&#039;Elba","article_modified_time":"2024-02-03T15:26:19+00:00","twitter_card":"summary_large_image","twitter_misc":{"Gesch\u00e4tzte Lesezeit":"5\u00a0Minuten"},"schema":{"@context":"https:\/\/schema.org","@graph":[{"@type":"WebPage","@id":"https:\/\/www.elbaresidencealbarcoco.it\/de\/kontakt-ferien-insel-elba\/","url":"https:\/\/www.elbaresidencealbarcoco.it\/de\/kontakt-ferien-insel-elba\/","name":"Kontaktieren Sie die Residenz al Barcoco f\u00fcr einen Strandurlaub auf Elba","isPartOf":{"@id":"https:\/\/www.elbaresidencealbarcoco.it\/#website"},"datePublished":"2017-03-07T13:57:25+00:00","dateModified":"2024-02-03T15:26:19+00:00","description":"F\u00fcr einen traumhaften Urlaub am Meer auf der Insel Elba in Marina di Campo kontaktieren Sie die Residence al Barcoco f\u00fcr Informationen oder ein Angebot.","breadcrumb":{"@id":"https:\/\/www.elbaresidencealbarcoco.it\/de\/kontakt-ferien-insel-elba\/#breadcrumb"},"inLanguage":"de","potentialAction":[{"@type":"ReadAction","target":["https:\/\/www.elbaresidencealbarcoco.it\/de\/kontakt-ferien-insel-elba\/"]}]},{"@type":"BreadcrumbList","@id":"https:\/\/www.elbaresidencealbarcoco.it\/de\/kontakt-ferien-insel-elba\/#breadcrumb","itemListElement":[{"@type":"ListItem","position":1,"name":"Home","item":"https:\/\/www.elbaresidencealbarcoco.it\/de\/"},{"@type":"ListItem","position":2,"name":"Kontakt"}]},{"@type":"WebSite","@id":"https:\/\/www.elbaresidencealbarcoco.it\/#website","url":"https:\/\/www.elbaresidencealbarcoco.it\/","name":"Residence Al Barcoco Isola d&#039;Elba","description":"Per le vostre vacanze all&#039;Isola d&#039;Elba","publisher":{"@id":"https:\/\/www.elbaresidencealbarcoco.it\/#organization"},"potentialAction":[{"@type":"SearchAction","target":{"@type":"EntryPoint","urlTemplate":"https:\/\/www.elbaresidencealbarcoco.it\/?s={search_term_string}"},"query-input":"required name=search_term_string"}],"inLanguage":"de"},{"@type":"Organization","@id":"https:\/\/www.elbaresidencealbarcoco.it\/#organization","name":"Orion Elba sas di burec m. & c.","url":"https:\/\/www.elbaresidencealbarcoco.it\/","logo":{"@type":"ImageObject","inLanguage":"de","@id":"https:\/\/www.elbaresidencealbarcoco.it\/#\/schema\/logo\/image\/","url":"https:\/\/www.elbaresidencealbarcoco.it\/wp-content\/uploads\/2017\/08\/campo-new-02.jpg","contentUrl":"https:\/\/www.elbaresidencealbarcoco.it\/wp-content\/uploads\/2017\/08\/campo-new-02.jpg","width":1000,"height":563,"caption":"Orion Elba sas di burec m. & c."},"image":{"@id":"https:\/\/www.elbaresidencealbarcoco.it\/#\/schema\/logo\/image\/"}}]}},"_links":{"self":[{"href":"https:\/\/www.elbaresidencealbarcoco.it\/de\/wp-json\/wp\/v2\/pages\/927","targetHints":{"allow":["GET"]}}],"collection":[{"href":"https:\/\/www.elbaresidencealbarcoco.it\/de\/wp-json\/wp\/v2\/pages"}],"about":[{"href":"https:\/\/www.elbaresidencealbarcoco.it\/de\/wp-json\/wp\/v2\/types\/page"}],"author":[{"embeddable":true,"href":"https:\/\/www.elbaresidencealbarcoco.it\/de\/wp-json\/wp\/v2\/users\/1"}],"replies":[{"embeddable":true,"href":"https:\/\/www.elbaresidencealbarcoco.it\/de\/wp-json\/wp\/v2\/comments?post=927"}],"version-history":[{"count":22,"href":"https:\/\/www.elbaresidencealbarcoco.it\/de\/wp-json\/wp\/v2\/pages\/927\/revisions"}],"predecessor-version":[{"id":2780,"href":"https:\/\/www.elbaresidencealbarcoco.it\/de\/wp-json\/wp\/v2\/pages\/927\/revisions\/2780"}],"wp:attachment":[{"href":"https:\/\/www.elbaresidencealbarcoco.it\/de\/wp-json\/wp\/v2\/media?parent=927"}],"curies":[{"name":"wp","href":"https:\/\/api.w.org\/{rel}","templated":true}]}}